{"id":28,"date":"2012-04-09T10:52:16","date_gmt":"2012-04-09T10:52:16","guid":{"rendered":"http:\/\/localhost\/wordpress\/?page_id=25"},"modified":"2013-11-01T11:14:48","modified_gmt":"2013-11-01T11:14:48","slug":"eventos-2","status":"publish","type":"page","link":"https:\/\/sites.ipleiria.pt\/animacaocultural\/eventos-2\/","title":{"rendered":"Eventos"},"content":{"rendered":"<p>A\u00a0conce\u00e7\u00e3o, organiza\u00e7\u00e3o e realiza\u00e7\u00e3o de eventos relacionados com os diferentes \u00e2mbitos da anima\u00e7\u00e3o cultural dirigidos \u00e0 comunidade acad\u00e9mica e ao p\u00fablico em geral tem sido regular ao longo do funcionamento do curso. Desta forma, procura-se proporcionar aos estudantes\u00a0forma\u00e7\u00e3o adicional\u00a0e complementar \u00e0s unidades curriculares que constituem o curso de Anima\u00e7\u00e3o Cultural.<\/p>\n<p><span style=\"color: #ff0000\"><strong>Ano letivo de 2013\/2014<\/strong><\/span><\/p>\n<p><strong>\u00abBastidores de uma Cria\u00e7\u00e3o Art\u00edstica\u00bb <\/strong><\/p>\n<p><a href=\"http:\/\/sites.ipleiria.pt\/animacaocultural\/wp-content\/blogs.dir\/37\/files\/2013\/10\/cartaz-final-copy.jpg\"><img loading=\"lazy\" decoding=\"async\" class=\"alignleft size-medium wp-image-775\" alt=\"cartaz final copy\" src=\"http:\/\/sites.ipleiria.pt\/animacaocultural\/wp-content\/blogs.dir\/37\/files\/2013\/10\/cartaz-final-copy-210x300.jpg\" width=\"210\" height=\"300\" srcset=\"https:\/\/sites.ipleiria.pt\/animacaocultural\/files\/2013\/10\/cartaz-final-copy-210x300.jpg 210w, https:\/\/sites.ipleiria.pt\/animacaocultural\/files\/2013\/10\/cartaz-final-copy-716x1024.jpg 716w\" sizes=\"auto, (max-width: 210px) 100vw, 210px\" \/><\/a>Apresenta\u00e7\u00e3o\u00a0do v\u00eddeo do Laborat\u00f3rio de Cria\u00e7\u00e3o Art\u00edstica, realizada a 9 de outubro de 2013, ver <a href=\"http:\/\/www.youtube.com\/watch?v=sgveXYlAMGw&amp;feature=youtu.be\">aqui<\/a>.<\/p>\n<p>&nbsp;<\/p>\n<p>&nbsp;<\/p>\n<p>&nbsp;<\/p>\n<p>&nbsp;<\/p>\n<p>&nbsp;<\/p>\n<p>&nbsp;<\/p>\n<p><span style=\"color: #ff0000\"><strong>Ano letivo de 2012\/2013<\/strong><\/span><\/p>\n<p><strong>1\u00ba Encontro de Antigos Estudantes de Anima\u00e7\u00e3o Cultural: Experi\u00eancias em Rede<\/strong><\/p>\n<p><a href=\"http:\/\/sites.ipleiria.pt\/animacaocultural\/files\/2013\/04\/cartaz-a4-experiencias-em-rede-FINAL.jpg\"><img loading=\"lazy\" decoding=\"async\" class=\"alignleft size-medium wp-image-720\" alt=\"cartaz-a4-experiencias-em-rede-FINAL\" src=\"http:\/\/sites.ipleiria.pt\/animacaocultural\/files\/2013\/04\/cartaz-a4-experiencias-em-rede-FINAL-212x300.jpg\" width=\"212\" height=\"300\" srcset=\"https:\/\/sites.ipleiria.pt\/animacaocultural\/files\/2013\/04\/cartaz-a4-experiencias-em-rede-FINAL-212x300.jpg 212w, https:\/\/sites.ipleiria.pt\/animacaocultural\/files\/2013\/04\/cartaz-a4-experiencias-em-rede-FINAL-723x1024.jpg 723w\" sizes=\"auto, (max-width: 212px) 100vw, 212px\" \/><\/a><a href=\"http:\/\/sites.ipleiria.pt\/animacaocultural\/files\/2012\/04\/programa-a4-experiencias-em-rede-FINAL.jpg\"><img loading=\"lazy\" decoding=\"async\" class=\"alignleft size-medium wp-image-725\" alt=\"programa-a4-experiencias-em-rede-FINAL\" src=\"http:\/\/sites.ipleiria.pt\/animacaocultural\/files\/2012\/04\/programa-a4-experiencias-em-rede-FINAL-211x300.jpg\" width=\"211\" height=\"300\" srcset=\"https:\/\/sites.ipleiria.pt\/animacaocultural\/files\/2012\/04\/programa-a4-experiencias-em-rede-FINAL-211x300.jpg 211w, https:\/\/sites.ipleiria.pt\/animacaocultural\/files\/2012\/04\/programa-a4-experiencias-em-rede-FINAL.jpg 595w\" sizes=\"auto, (max-width: 211px) 100vw, 211px\" \/><\/a><\/p>\n<p>&nbsp;<\/p>\n<p>&nbsp;<\/p>\n<p>&nbsp;<\/p>\n<p>&nbsp;<\/p>\n<p>&nbsp;<\/p>\n<p>&nbsp;<\/p>\n<p>&nbsp;<\/p>\n<p><strong>Ciclo de Confer\u00eancias \u00abPatrim\u00f3nio, Comunidade e Globaliza\u00e7\u00e3o\u00bb, <\/strong>organizado no \u00e2mbito da UC de Patrim\u00f3nio Cultural (3.\u00ba ano \/ AC)<\/p>\n<p><a href=\"http:\/\/sites.ipleiria.pt\/animacaocultural\/files\/2012\/11\/cartaz_Patrim\u00f3nio_Desenvol_Ec_04.jpg\"><img loading=\"lazy\" decoding=\"async\" class=\"alignleft size-medium wp-image-499\" alt=\"\" src=\"http:\/\/sites.ipleiria.pt\/animacaocultural\/files\/2012\/11\/cartaz_Patrim\u00f3nio_Desenvol_Ec_04-212x300.jpg\" width=\"212\" height=\"300\" srcset=\"https:\/\/sites.ipleiria.pt\/animacaocultural\/files\/2012\/11\/cartaz_Patrim\u00f3nio_Desenvol_Ec_04-212x300.jpg 212w, https:\/\/sites.ipleiria.pt\/animacaocultural\/files\/2012\/11\/cartaz_Patrim\u00f3nio_Desenvol_Ec_04-724x1024.jpg 724w, https:\/\/sites.ipleiria.pt\/animacaocultural\/files\/2012\/11\/cartaz_Patrim\u00f3nio_Desenvol_Ec_04.jpg 1170w\" sizes=\"auto, (max-width: 212px) 100vw, 212px\" \/><\/a>Confer\u00eancia \u00abO Festival Art&amp;Tur como ve\u00edculo de promo\u00e7\u00e3o internacional do patrim\u00f3nio cultural de Barcelos\u00bb com o\u00a0Professor Doutor Francisco Dias, realizada a 14 de novembro de 2012.<\/p>\n<p>&nbsp;<\/p>\n<p>&nbsp;<\/p>\n<p>&nbsp;<\/p>\n<p>&nbsp;<\/p>\n<p>&nbsp;<\/p>\n<p>Confer\u00eancia <a href=\"http:\/\/sites.ipleiria.pt\/animacaocultural\/files\/2012\/12\/cartaz_Patrim\u00f3nio_Comunid_Glob_-Afonso-Lopes-Vieira.jpg\"><img loading=\"lazy\" decoding=\"async\" class=\"alignleft size-medium wp-image-534\" alt=\"\" src=\"http:\/\/sites.ipleiria.pt\/animacaocultural\/files\/2012\/12\/cartaz_Patrim\u00f3nio_Comunid_Glob_-Afonso-Lopes-Vieira-212x300.jpg\" width=\"212\" height=\"300\" srcset=\"https:\/\/sites.ipleiria.pt\/animacaocultural\/files\/2012\/12\/cartaz_Patrim\u00f3nio_Comunid_Glob_-Afonso-Lopes-Vieira-212x300.jpg 212w, https:\/\/sites.ipleiria.pt\/animacaocultural\/files\/2012\/12\/cartaz_Patrim\u00f3nio_Comunid_Glob_-Afonso-Lopes-Vieira-724x1024.jpg 724w, https:\/\/sites.ipleiria.pt\/animacaocultural\/files\/2012\/12\/cartaz_Patrim\u00f3nio_Comunid_Glob_-Afonso-Lopes-Vieira.jpg 1170w\" sizes=\"auto, (max-width: 212px) 100vw, 212px\" \/><\/a>\u00abAfonso Lopes Vieira: do homem \u00e0 CMALV\u00bb\u00a0com a Professora Doutora Cristina Nobre, realizada a 12 de dezembro de 2012.<\/p>\n<p>&nbsp;<\/p>\n<p>&nbsp;<\/p>\n<p>&nbsp;<\/p>\n<p>&nbsp;<\/p>\n<p>&nbsp;<\/p>\n<p><a href=\"http:\/\/sites.ipleiria.pt\/animacaocultural\/files\/2012\/04\/Cartaz-Ciclo-Conf.-Patrim\u00f3nio-Comunidade-e-Globaliza\u00e7\u00e3o-Patrim\u00f3nio-Florestal.jpg\"><img loading=\"lazy\" decoding=\"async\" class=\"alignleft size-medium wp-image-620\" alt=\"Cartaz - Ciclo Conf. - Patrim\u00f3nio, Comunidade e Globaliza\u00e7\u00e3o (Patrim\u00f3nio Florestal)\" src=\"http:\/\/sites.ipleiria.pt\/animacaocultural\/files\/2012\/04\/Cartaz-Ciclo-Conf.-Patrim\u00f3nio-Comunidade-e-Globaliza\u00e7\u00e3o-Patrim\u00f3nio-Florestal-212x300.jpg\" width=\"212\" height=\"300\" srcset=\"https:\/\/sites.ipleiria.pt\/animacaocultural\/files\/2012\/04\/Cartaz-Ciclo-Conf.-Patrim\u00f3nio-Comunidade-e-Globaliza\u00e7\u00e3o-Patrim\u00f3nio-Florestal-212x300.jpg 212w, https:\/\/sites.ipleiria.pt\/animacaocultural\/files\/2012\/04\/Cartaz-Ciclo-Conf.-Patrim\u00f3nio-Comunidade-e-Globaliza\u00e7\u00e3o-Patrim\u00f3nio-Florestal-723x1024.jpg 723w, https:\/\/sites.ipleiria.pt\/animacaocultural\/files\/2012\/04\/Cartaz-Ciclo-Conf.-Patrim\u00f3nio-Comunidade-e-Globaliza\u00e7\u00e3o-Patrim\u00f3nio-Florestal.jpg 1240w\" sizes=\"auto, (max-width: 212px) 100vw, 212px\" \/><\/a>Confer\u00eancia\u00a0\u00abA avalia\u00e7\u00e3o econ\u00f3mica do recreio da Mata Nacional de Leiria e a efici\u00eancia do patrim\u00f3nio florestal\u00bb com a Professora Doutora Fernanda Oliveira, realizada a 18 de janeiro de 2013.<\/p>\n<p>&nbsp;<\/p>\n<p>&nbsp;<\/p>\n<p>&nbsp;<\/p>\n<p>&nbsp;<\/p>\n<p>&nbsp;<\/p>\n<p><span style=\"color: #ff0000\"><strong>Ano letivo de 2011\/2012<\/strong><\/span><\/p>\n<p>Semin\u00e1rio \u00abOlhares de Outros lugares. Os desafios do patrim\u00f3nio cultural como ferramenta educativa\u00bb (25\/10\/2011)<\/p>\n<p>Semin\u00e1rio \u00abCria o teu pr\u00f3prio emprego\u00bb (15\/05\/2012)<\/p>\n<p><a href=\"http:\/\/sites.ipleiria.pt\/animacaocultural\/files\/2012\/04\/olhares-cartaz.jpg\"><img loading=\"lazy\" decoding=\"async\" alt=\"\" src=\"http:\/\/sites.ipleiria.pt\/animacaocultural\/files\/2012\/04\/olhares-cartaz-220x300.jpg\" width=\"220\" height=\"300\" \/><\/a><\/p>\n<p><a href=\"http:\/\/sites.ipleiria.pt\/animacaocultural\/files\/2012\/04\/372825_347789851950848_319937306_n1.jpg\"><img loading=\"lazy\" decoding=\"async\" class=\"alignnone  wp-image-249\" alt=\"\" src=\"http:\/\/sites.ipleiria.pt\/animacaocultural\/files\/2012\/04\/372825_347789851950848_319937306_n1.jpg\" width=\"209\" height=\"299\" \/><\/a>\u00a0<a href=\"http:\/\/sites.ipleiria.pt\/animacaocultural\/files\/2012\/04\/Semin\u00e1rio-Cria-o-teu-emprego-A.Cultural.jpg\"><img loading=\"lazy\" decoding=\"async\" class=\"alignnone size-medium wp-image-120\" alt=\"\" src=\"http:\/\/sites.ipleiria.pt\/animacaocultural\/files\/2012\/04\/Semin\u00e1rio-Cria-o-teu-emprego-A.Cultural-212x300.jpg\" width=\"212\" height=\"300\" srcset=\"https:\/\/sites.ipleiria.pt\/animacaocultural\/files\/2012\/04\/Semin\u00e1rio-Cria-o-teu-emprego-A.Cultural-212x300.jpg 212w, https:\/\/sites.ipleiria.pt\/animacaocultural\/files\/2012\/04\/Semin\u00e1rio-Cria-o-teu-emprego-A.Cultural-723x1024.jpg 723w, https:\/\/sites.ipleiria.pt\/animacaocultural\/files\/2012\/04\/Semin\u00e1rio-Cria-o-teu-emprego-A.Cultural.jpg 842w\" sizes=\"auto, (max-width: 212px) 100vw, 212px\" \/><\/a><\/p>\n<p>O v\u00eddeo: <a href=\"http:\/\/sites.ipleiria.pt\/animacaocultural\/files\/2012\/04\/Semin\u00e1rio-Cria-o-teu-emprego1.wmv\">Semin\u00e1rio &#8211; Cria o teu emprego<\/a><\/p>\n<p><span style=\"color: #ff0000\"><strong>Ano letivo de 2010\/2011<\/strong><\/span><\/p>\n<p>I Jornadas de Anima\u00e7\u00e3o Cultural &#8211; Comunica\u00e7\u00f5es livres\/ Confer\u00eancias \/ Espet\u00e1culos \/ Itiner\u00e1rios Culturais (07 e 08\/04\/2011)<\/p>\n<p><a href=\"http:\/\/sites.ipleiria.pt\/animacaocultural\/files\/2012\/04\/Thumbnail.jpg\"><img loading=\"lazy\" decoding=\"async\" alt=\"\" src=\"http:\/\/sites.ipleiria.pt\/animacaocultural\/files\/2012\/04\/Thumbnail.jpg\" width=\"269\" height=\"195\" \/><\/a>\u00a0 <img loading=\"lazy\" decoding=\"async\" alt=\"\" src=\"http:\/\/sites.ipleiria.pt\/animacaocultural\/files\/2012\/04\/Picture1-300x198.jpg\" width=\"265\" height=\"195\" \/><\/p>\n<p><a href=\"http:\/\/sites.ipleiria.pt\/animacaocultural\/files\/2012\/04\/programa_jornadas_web_actual.jpg\"><img loading=\"lazy\" decoding=\"async\" class=\"alignnone size-medium wp-image-126\" alt=\"\" src=\"http:\/\/sites.ipleiria.pt\/animacaocultural\/files\/2012\/04\/programa_jornadas_web_actual-212x300.jpg\" width=\"212\" height=\"300\" srcset=\"https:\/\/sites.ipleiria.pt\/animacaocultural\/files\/2012\/04\/programa_jornadas_web_actual-212x300.jpg 212w, https:\/\/sites.ipleiria.pt\/animacaocultural\/files\/2012\/04\/programa_jornadas_web_actual-724x1024.jpg 724w, https:\/\/sites.ipleiria.pt\/animacaocultural\/files\/2012\/04\/programa_jornadas_web_actual.jpg 1654w\" sizes=\"auto, (max-width: 212px) 100vw, 212px\" \/><\/a>\u00a0\u00a0 <a href=\"http:\/\/sites.ipleiria.pt\/animacaocultural\/files\/2012\/04\/Picture2.jpg\"><img loading=\"lazy\" decoding=\"async\" class=\"alignnone size-medium wp-image-128\" alt=\"\" src=\"http:\/\/sites.ipleiria.pt\/animacaocultural\/files\/2012\/04\/Picture2-236x300.jpg\" width=\"236\" height=\"300\" srcset=\"https:\/\/sites.ipleiria.pt\/animacaocultural\/files\/2012\/04\/Picture2-236x300.jpg 236w, https:\/\/sites.ipleiria.pt\/animacaocultural\/files\/2012\/04\/Picture2.jpg 309w\" sizes=\"auto, (max-width: 236px) 100vw, 236px\" \/><\/a>\u00a0 <a href=\"http:\/\/sites.ipleiria.pt\/animacaocultural\/files\/2012\/04\/Picture31.jpg\"><img loading=\"lazy\" decoding=\"async\" class=\"alignnone  wp-image-129\" alt=\"\" src=\"http:\/\/sites.ipleiria.pt\/animacaocultural\/files\/2012\/04\/Picture31-300x156.jpg\" width=\"496\" height=\"245\" \/><\/a><\/p>\n<p>Semin\u00e1rio \u00abGest\u00e3o e Programa\u00e7\u00e3o de Equipamentos Culturais no Panorama Portugu\u00eas\u00bb (21\/10\/2010)<\/p>\n<p>Semin\u00e1rio \u00abItiner\u00e1rios pelo patrim\u00f3nio associado ligado ao mundo rural\u00bb (09\/06\/2011)<\/p>\n<p><a href=\"http:\/\/sites.ipleiria.pt\/animacaocultural\/files\/2012\/04\/Cartaz_A4-Semin\u00e1rio_GPECPP.jpg\"><img loading=\"lazy\" decoding=\"async\" alt=\"\" src=\"http:\/\/sites.ipleiria.pt\/animacaocultural\/files\/2012\/04\/Cartaz_A4-Semin\u00e1rio_GPECPP-212x300.jpg\" width=\"212\" height=\"300\" \/><\/a> <a href=\"http:\/\/sites.ipleiria.pt\/animacaocultural\/files\/2012\/04\/Itinerarios_2011.jpg\"><img loading=\"lazy\" decoding=\"async\" alt=\"\" src=\"http:\/\/sites.ipleiria.pt\/animacaocultural\/files\/2012\/04\/Itinerarios_2011-212x300.jpg\" width=\"212\" height=\"300\" \/><\/a><\/p>\n<p><span style=\"color: #ff0000\"><strong>Ano letivo de 2009\/2010<\/strong><\/span><\/p>\n<p>Semin\u00e1rio \u00abImagem e desenvolvimento em \u00c1frica\u00bb (25\/02\/2010)<\/p>\n<p>Semin\u00e1rio \u00abDa interven\u00e7\u00e3o art\u00edstica ao Museu, Biblioteca e Escola\u00bb (25\/05\/2010)<\/p>\n<p>Semin\u00e1rio \u00abItiner\u00e1rios pelo patrim\u00f3nio associado aos ranchos folcl\u00f3ricos da Regi\u00e3o de Leiria e Alta Estremadura\u00bb (21\/05\/2010)<\/p>\n<p><a href=\"http:\/\/sites.ipleiria.pt\/animacaocultural\/files\/2012\/04\/Picture8.jpg\"><img loading=\"lazy\" decoding=\"async\" class=\"alignnone size-medium wp-image-104\" alt=\"\" src=\"http:\/\/sites.ipleiria.pt\/animacaocultural\/files\/2012\/04\/Picture8-195x300.jpg\" width=\"195\" height=\"300\" srcset=\"https:\/\/sites.ipleiria.pt\/animacaocultural\/files\/2012\/04\/Picture8-195x300.jpg 195w, https:\/\/sites.ipleiria.pt\/animacaocultural\/files\/2012\/04\/Picture8.jpg 609w\" sizes=\"auto, (max-width: 195px) 100vw, 195px\" \/><\/a>\u00a0\u00a0<a href=\"http:\/\/sites.ipleiria.pt\/animacaocultural\/files\/2012\/04\/itinerarios20101.jpg\"><img loading=\"lazy\" decoding=\"async\" class=\"alignnone size-medium wp-image-136\" alt=\"\" src=\"http:\/\/sites.ipleiria.pt\/animacaocultural\/files\/2012\/04\/itinerarios20101-211x300.jpg\" width=\"211\" height=\"300\" srcset=\"https:\/\/sites.ipleiria.pt\/animacaocultural\/files\/2012\/04\/itinerarios20101-211x300.jpg 211w, https:\/\/sites.ipleiria.pt\/animacaocultural\/files\/2012\/04\/itinerarios20101.jpg 706w\" sizes=\"auto, (max-width: 211px) 100vw, 211px\" \/><\/a>\u00a0\u00a0 <a href=\"http:\/\/sites.ipleiria.pt\/animacaocultural\/files\/2012\/04\/poster_museu.jpg\"><img loading=\"lazy\" decoding=\"async\" class=\"alignnone size-medium wp-image-99\" alt=\"\" src=\"http:\/\/sites.ipleiria.pt\/animacaocultural\/files\/2012\/04\/poster_museu-212x300.jpg\" width=\"212\" height=\"300\" srcset=\"https:\/\/sites.ipleiria.pt\/animacaocultural\/files\/2012\/04\/poster_museu-212x300.jpg 212w, https:\/\/sites.ipleiria.pt\/animacaocultural\/files\/2012\/04\/poster_museu.jpg 601w\" sizes=\"auto, (max-width: 212px) 100vw, 212px\" \/><\/a><\/p>\n<p><span style=\"color: #ff0000\"><strong>Ano letivo de 2008\/2009<\/strong><\/span><\/p>\n<p>Semin\u00e1rio \u00abAs linguagens art\u00edsticas e o curr\u00edculo\u00bb (07\/05\/2009)<\/p>\n<p><a href=\"http:\/\/sites.ipleiria.pt\/animacaocultural\/files\/2012\/04\/Picture7.jpg\"><img loading=\"lazy\" decoding=\"async\" alt=\"\" src=\"http:\/\/sites.ipleiria.pt\/animacaocultural\/files\/2012\/04\/Picture7-210x300.jpg\" width=\"210\" height=\"300\" \/><\/a>\u00a0<a href=\"http:\/\/sites.ipleiria.pt\/animacaocultural\/files\/2012\/04\/DSCN2075.jpg\"><img loading=\"lazy\" decoding=\"async\" class=\"alignnone  wp-image-192\" alt=\"\" src=\"http:\/\/sites.ipleiria.pt\/animacaocultural\/files\/2012\/04\/DSCN2075-300x247.jpg\" width=\"272\" height=\"211\" \/><\/a><\/p>\n","protected":false},"excerpt":{"rendered":"<p>A\u00a0conce\u00e7\u00e3o, organiza\u00e7\u00e3o e realiza\u00e7\u00e3o de eventos relacionados com os diferentes \u00e2mbitos da anima\u00e7\u00e3o cultural dirigidos \u00e0 comunidade acad\u00e9mica e ao p\u00fablico em geral tem sido regular ao longo do funcionamento do curso. Desta forma, procura-se proporcionar aos estudantes\u00a0forma\u00e7\u00e3o adicional\u00a0e complementar &hellip; <a href=\"https:\/\/sites.ipleiria.pt\/animacaocultural\/eventos-2\/\">Continue reading <span class=\"meta-nav\">&rarr;<\/span><\/a><\/p>\n","protected":false},"author":102,"featured_media":0,"parent":0,"menu_order":3,"comment_status":"closed","ping_status":"closed","template":"","meta":{"footnotes":""},"class_list":["post-28","page","type-page","status-publish","hentry"],"_links":{"self":[{"href":"https:\/\/sites.ipleiria.pt\/animacaocultural\/wp-json\/wp\/v2\/pages\/28","targetHints":{"allow":["GET"]}}],"collection":[{"href":"https:\/\/sites.ipleiria.pt\/animacaocultural\/wp-json\/wp\/v2\/pages"}],"about":[{"href":"https:\/\/sites.ipleiria.pt\/animacaocultural\/wp-json\/wp\/v2\/types\/page"}],"author":[{"embeddable":true,"href":"https:\/\/sites.ipleiria.pt\/animacaocultural\/wp-json\/wp\/v2\/users\/102"}],"replies":[{"embeddable":true,"href":"https:\/\/sites.ipleiria.pt\/animacaocultural\/wp-json\/wp\/v2\/comments?post=28"}],"version-history":[{"count":43,"href":"https:\/\/sites.ipleiria.pt\/animacaocultural\/wp-json\/wp\/v2\/pages\/28\/revisions"}],"predecessor-version":[{"id":799,"href":"https:\/\/sites.ipleiria.pt\/animacaocultural\/wp-json\/wp\/v2\/pages\/28\/revisions\/799"}],"wp:attachment":[{"href":"https:\/\/sites.ipleiria.pt\/animacaocultural\/wp-json\/wp\/v2\/media?parent=28"}],"curies":[{"name":"wp","href":"https:\/\/api.w.org\/{rel}","templated":true}]}}