{"id":393,"date":"2021-07-19T14:12:25","date_gmt":"2021-07-19T14:12:25","guid":{"rendered":"https:\/\/sites.ipleiria.pt\/cdtpopular\/?page_id=393"},"modified":"2021-07-20T10:26:26","modified_gmt":"2021-07-20T10:26:26","slug":"objetivos-e-conteudos-da-acao-de-formacao-i","status":"publish","type":"page","link":"https:\/\/sites.ipleiria.pt\/cdtpopular\/objetivos-e-conteudos-da-acao-de-formacao-i\/","title":{"rendered":"Objetivos e conte\u00fados das a\u00e7\u00f5es de forma\u00e7\u00e3o"},"content":{"rendered":"\n<p>Apresentam-se nesta p\u00e1gina os objetivos e conte\u00fados das a\u00e7\u00f5es de forma\u00e7\u00e3o dos dias 30 e 31 de julho de 2021.<\/p>\n\n\n\n<h2 class=\"wp-block-heading\"><strong>Objetivos<\/strong><\/h2>\n\n\n\n<ul class=\"wp-block-list\"><li>Conhecer&nbsp;v\u00e1rios&nbsp;contextos&nbsp;e&nbsp;t\u00e9cnicas&nbsp;de&nbsp;interven\u00e7\u00e3o&nbsp;pedag\u00f3gica na dan\u00e7a, a n\u00edvel nacional&nbsp;e&nbsp;internacional;&nbsp;<\/li><li>Desenvolver&nbsp;compet\u00eancias&nbsp;e&nbsp;sensibilidade&nbsp;para a salvaguarda das dan\u00e7as tradicionais e popular;<\/li><li>Desenvolver&nbsp;e&nbsp;alargar&nbsp;conhecimentos&nbsp;sobre&nbsp;a&nbsp;nota\u00e7\u00e3o&nbsp;da&nbsp;dan\u00e7a&nbsp;a&nbsp;n\u00edvel&nbsp;nacional&nbsp;e internacional;&nbsp;<\/li><li>Sensibilizar&nbsp;para o&nbsp;papel&nbsp;da&nbsp;educa\u00e7\u00e3o&nbsp;como&nbsp;ve\u00edculo&nbsp;privilegiado&nbsp;para a longevidade sustent\u00e1vel&nbsp;e&nbsp;dissemina\u00e7\u00e3o&nbsp;do&nbsp;patrim\u00f3nio;&nbsp;<\/li><li>Atualizar,&nbsp;fundamentar&nbsp;e&nbsp;diversificar&nbsp;as&nbsp;compet\u00eancias&nbsp;de&nbsp;promo\u00e7\u00e3o&nbsp;do&nbsp;patrim\u00f3nio&nbsp;cultural.&nbsp;<\/li><\/ul>\n\n\n\n<h2 class=\"wp-block-heading\"><strong>Conte\u00fados<\/strong><\/h2>\n\n\n\n<ul class=\"wp-block-list\"><li>Investiga\u00e7\u00e3o em Dan\u00e7a Tradicional e Popular&nbsp;<\/li><li>Did\u00e1tica&nbsp;da Dan\u00e7a Tradicional e Popular&nbsp;<\/li><li>A nota\u00e7\u00e3o da Dan\u00e7a Tradicional e Popular&nbsp;<\/li><li>Did\u00e1tica da&nbsp;Educa\u00e7\u00e3o&nbsp;Est\u00e9tica&nbsp;Artista&nbsp;&nbsp;<\/li><li>Reflex\u00f5es&nbsp;sobre a&nbsp;m\u00fasica&nbsp;a literatura&nbsp;em torno da&nbsp;dan\u00e7a tradicional&nbsp;e popular&nbsp;<\/li><li>Partilha de pr\u00e1ticas&nbsp;em diferentes contextos&nbsp;&nbsp;&nbsp;<\/li><\/ul>\n","protected":false},"excerpt":{"rendered":"<p>Apresentam-se nesta p\u00e1gina os objetivos e conte\u00fados das a\u00e7\u00f5es de forma\u00e7\u00e3o dos dias 30 e 31 de julho de 2021. Objetivos Conhecer&nbsp;v\u00e1rios&nbsp;contextos&nbsp;e&nbsp;t\u00e9cnicas&nbsp;de&nbsp;interven\u00e7\u00e3o&nbsp;pedag\u00f3gica na dan\u00e7a, a n\u00edvel nacional&nbsp;e&nbsp;internacional;&nbsp; Desenvolver&nbsp;compet\u00eancias&nbsp;e&nbsp;sensibilidade&nbsp;para a salvaguarda das dan\u00e7as tradicionais e popular; Desenvolver&nbsp;e&nbsp;alargar&nbsp;conhecimentos&nbsp;sobre&nbsp;a&nbsp;nota\u00e7\u00e3o&nbsp;da&nbsp;dan\u00e7a&nbsp;a&nbsp;n\u00edvel&nbsp;nacional&nbsp;e internacional;&nbsp; Sensibilizar&nbsp;para o&nbsp;papel&nbsp;da&nbsp;educa\u00e7\u00e3o&nbsp;como&nbsp;ve\u00edculo&nbsp;privilegiado&nbsp;para a longevidade sustent\u00e1vel&nbsp;e&nbsp;dissemina\u00e7\u00e3o&nbsp;do&nbsp;patrim\u00f3nio;&nbsp; Atualizar,&nbsp;fundamentar&nbsp;e&nbsp;diversificar&nbsp;as&nbsp;compet\u00eancias&nbsp;de&nbsp;promo\u00e7\u00e3o&nbsp;do&nbsp;patrim\u00f3nio&nbsp;cultural.&nbsp; Conte\u00fados Investiga\u00e7\u00e3o em Dan\u00e7a Tradicional e Popular&nbsp; Did\u00e1tica&nbsp;da Dan\u00e7a Tradicional e Popular&nbsp; &hellip; <\/p>\n<p class=\"link-more\"><a href=\"https:\/\/sites.ipleiria.pt\/cdtpopular\/objetivos-e-conteudos-da-acao-de-formacao-i\/\" class=\"more-link\">Continuar a ler <span class=\"screen-reader-text\">&#8220;Objetivos e conte\u00fados das a\u00e7\u00f5es de forma\u00e7\u00e3o&#8221;<\/span><\/a><\/p>\n","protected":false},"author":3183,"featured_media":0,"parent":0,"menu_order":0,"comment_status":"closed","ping_status":"closed","template":"","meta":{"footnotes":""},"class_list":["post-393","page","type-page","status-publish","hentry"],"_links":{"self":[{"href":"https:\/\/sites.ipleiria.pt\/cdtpopular\/wp-json\/wp\/v2\/pages\/393","targetHints":{"allow":["GET"]}}],"collection":[{"href":"https:\/\/sites.ipleiria.pt\/cdtpopular\/wp-json\/wp\/v2\/pages"}],"about":[{"href":"https:\/\/sites.ipleiria.pt\/cdtpopular\/wp-json\/wp\/v2\/types\/page"}],"author":[{"embeddable":true,"href":"https:\/\/sites.ipleiria.pt\/cdtpopular\/wp-json\/wp\/v2\/users\/3183"}],"replies":[{"embeddable":true,"href":"https:\/\/sites.ipleiria.pt\/cdtpopular\/wp-json\/wp\/v2\/comments?post=393"}],"version-history":[{"count":7,"href":"https:\/\/sites.ipleiria.pt\/cdtpopular\/wp-json\/wp\/v2\/pages\/393\/revisions"}],"predecessor-version":[{"id":413,"href":"https:\/\/sites.ipleiria.pt\/cdtpopular\/wp-json\/wp\/v2\/pages\/393\/revisions\/413"}],"wp:attachment":[{"href":"https:\/\/sites.ipleiria.pt\/cdtpopular\/wp-json\/wp\/v2\/media?parent=393"}],"curies":[{"name":"wp","href":"https:\/\/api.w.org\/{rel}","templated":true}]}}