{"id":1459,"date":"2017-02-18T02:04:06","date_gmt":"2017-02-18T02:04:06","guid":{"rendered":"http:\/\/www.matoestedmat.ipleiria.pt\/?page_id=1459"},"modified":"2018-05-14T13:24:34","modified_gmt":"2018-05-14T13:24:34","slug":"mat-oeste-2016","status":"publish","type":"page","link":"https:\/\/sites.ipleiria.pt\/matoeste\/mat-oeste-2016\/","title":{"rendered":"Mat-Oeste 2016"},"content":{"rendered":"<p><span style=\"font-size: 14pt;\"><strong>Bem vindo ao Mat-Oeste 2016: Matem\u00e1tica na Regi\u00e3o Oeste &#8211; 9.\u00aa Edi\u00e7\u00e3o!<\/strong><\/span><\/p>\n<p><a href=\"http:\/\/sites.ipleiria.pt\/matoeste\/files\/2014\/09\/Cartaz-Matoeste-2016.png\" rel=\"attachment wp-att-1314\"><img loading=\"lazy\" decoding=\"async\" class=\"wp-image-1314 alignleft\" src=\"http:\/\/sites.ipleiria.pt\/matoeste\/files\/2014\/09\/Cartaz-Matoeste-2016.png\" alt=\"Cartaz Matoeste 2016\" width=\"374\" height=\"529\" srcset=\"https:\/\/sites.ipleiria.pt\/matoeste\/files\/2014\/09\/Cartaz-Matoeste-2016.png 3508w, https:\/\/sites.ipleiria.pt\/matoeste\/files\/2014\/09\/Cartaz-Matoeste-2016-212x300.png 212w, https:\/\/sites.ipleiria.pt\/matoeste\/files\/2014\/09\/Cartaz-Matoeste-2016-768x1086.png 768w, https:\/\/sites.ipleiria.pt\/matoeste\/files\/2014\/09\/Cartaz-Matoeste-2016-724x1024.png 724w\" sizes=\"auto, (max-width: 374px) 100vw, 374px\" \/><\/a><\/p>\n<p><strong>Data:<\/strong> 8 de julho de 2016.<\/p>\n<p><strong>Inscri\u00e7\u00e3o:<\/strong> at\u00e9 3 de julho de 2016.<\/p>\n<p><strong>Local:<\/strong> <a href=\"http:\/\/www.estg.ipleiria.pt\/Paginas\/default.aspx\" target=\"_blank\" rel=\"noopener\">Escola Superior de Tecnologia e Gest\u00e3o do IPLeiria<\/a>.<\/p>\n<p><strong>Tema:<\/strong> Matem\u00e1tica e o Futuro.<\/p>\n<p><strong>Organiza\u00e7\u00e3o:<\/strong> Encontro promovido anualmente pelo <a href=\"http:\/\/www.ipleiria.pt\/estg\/dmat\/\" target=\"_blank\" rel=\"noopener\">Departamento de Matem\u00e1tica<\/a> da Escola Superior de Tecnologia e Gest\u00e3o do <a href=\"http:\/\/www.ipleiria.pt\/\" target=\"_blank\" rel=\"noopener\">Instituto Polit\u00e9cnico de Leiria<\/a>.<\/p>\n<p><strong>P\u00fablico Alvo:<\/strong> Professores de todos os n\u00edveis de ensino e p\u00fablico em geral.<\/p>\n<p><strong>Objetivo:<\/strong> Pretende ser um encontro de divulga\u00e7\u00e3o, discuss\u00e3o, partilha de experi\u00eancias e compet\u00eancias, nas mais diferentes vertentes da Matem\u00e1tica, procurando promov\u00ea-la na regi\u00e3o oeste.<\/p>\n<p><strong>Informa\u00e7\u00f5es Adicionais <\/strong><a href=\"http:\/\/sites.ipleiria.pt\/matoeste\/programa-final\/\" target=\"_blank\" rel=\"noopener\">(o programa\u00a0final j\u00e1 est\u00e1 dispon\u00edvel)<\/a><\/p>\n<ul>\n<li><strong>Palestras: <\/strong>Tr\u00eas sess\u00f5es plen\u00e1rias, proferidas pelos professores Jaime Silva, Jorge Carvalho e Nuno Fonseca.<\/li>\n<li><strong>A\u00e7\u00f5es de Forma\u00e7\u00e3o:<\/strong>\u00a0Os participantes poder\u00e3o frequentar a\u00e7\u00f5es de forma\u00e7\u00e3o acreditadas para professores dos Ensinos B\u00e1sico e Secund\u00e1rio associadas ao Mat-Oeste 2016, cuja informa\u00e7\u00e3o dever\u00e1 ser obtida no site das\u00a0<a href=\"http:\/\/www.formacoesdmat.ipleiria.pt\/\" target=\"_blank\" rel=\"noopener\"><span style=\"color: #0066cc;\">Forma\u00e7\u00f5es DMAT<\/span><\/a>.<\/li>\n<li><strong>Pr\u00e9mio Pedro Matos 2016: <\/strong>No Encontro ir\u00e1 decorrer a entrega dos pr\u00e9mios da 8.\u00aa edi\u00e7\u00e3o do\u00a0<a href=\"http:\/\/www.premiopedromatos.ipleiria.pt\/\" target=\"_blank\" rel=\"noopener\"><span style=\"color: #0066cc;\">Pr\u00e9mio Pedro Matos<\/span><\/a>, promovido anualmente pelo Instituto Polit\u00e9cnico de Leiria e destinado a alunos do ensino secund\u00e1rio, cujo objetivo \u00e9 fomentar a criatividade e o interesse pela Matem\u00e1tica e suas aplica\u00e7\u00f5es, bem como despontar novos jovens talentos.<\/li>\n<\/ul>\n<table>\n<tbody>\n<tr>\n<td>\u00a0<span style=\"font-size: 14pt;\"><strong><a href=\"http:\/\/sites.ipleiria.pt\/matoeste\/files\/2014\/07\/LOGO-CGD.jpg\" rel=\"attachment wp-att-807\"><img loading=\"lazy\" decoding=\"async\" class=\"alignnone wp-image-807\" src=\"http:\/\/sites.ipleiria.pt\/matoeste\/files\/2014\/07\/LOGO-CGD.jpg\" alt=\"LOGO CGD\" width=\"119\" height=\"105\" \/><\/a>\u00a0<\/strong><\/span><\/td>\n<td>\u00a0 \u00a0<a href=\"http:\/\/sites.ipleiria.pt\/matoeste\/files\/2013\/12\/LOGO_Ac\u00e7\u00e3o-social-fundo-transparente-letras-cores.png\" rel=\"attachment wp-att-572\"><img loading=\"lazy\" decoding=\"async\" class=\"alignnone wp-image-572\" src=\"http:\/\/sites.ipleiria.pt\/matoeste\/files\/2013\/12\/LOGO_Ac\u00e7\u00e3o-social-fundo-transparente-letras-cores.png\" alt=\"LOGO_Ac\u00e7\u00e3o social fundo transparente letras cores\" width=\"265\" height=\"85\" srcset=\"https:\/\/sites.ipleiria.pt\/matoeste\/files\/2013\/12\/LOGO_Ac\u00e7\u00e3o-social-fundo-transparente-letras-cores.png 1087w, https:\/\/sites.ipleiria.pt\/matoeste\/files\/2013\/12\/LOGO_Ac\u00e7\u00e3o-social-fundo-transparente-letras-cores-300x96.png 300w, https:\/\/sites.ipleiria.pt\/matoeste\/files\/2013\/12\/LOGO_Ac\u00e7\u00e3o-social-fundo-transparente-letras-cores-1024x328.png 1024w\" sizes=\"auto, (max-width: 265px) 100vw, 265px\" \/><\/a><\/td>\n<td><\/td>\n<\/tr>\n<tr>\n<td>\u00a0<a href=\"http:\/\/sites.ipleiria.pt\/matoeste\/files\/2013\/09\/Jornal_Leiria.jpg\" rel=\"attachment wp-att-523\"><img loading=\"lazy\" decoding=\"async\" class=\"wp-image-523 alignnone\" src=\"http:\/\/sites.ipleiria.pt\/matoeste\/files\/2013\/09\/Jornal_Leiria.jpg\" alt=\"Jornal_Leiria\" width=\"173\" height=\"58\" \/><\/a><\/td>\n<td><span style=\"font-size: 14pt;\"><strong><a href=\"http:\/\/sites.ipleiria.pt\/matoeste\/files\/2013\/08\/logo_SPM-e1462957490367.png\" rel=\"attachment wp-att-434\"><img loading=\"lazy\" decoding=\"async\" class=\"wp-image-434 alignnone\" src=\"http:\/\/sites.ipleiria.pt\/matoeste\/files\/2013\/08\/logo_SPM-e1462957490367.png\" alt=\"logo_SPM\" width=\"219\" height=\"108\" \/><\/a><\/strong><\/span><\/td>\n<td><\/td>\n<\/tr>\n<tr>\n<td colspan=\"2\"><a href=\"http:\/\/sites.ipleiria.pt\/matoeste\/files\/2013\/08\/Logo_ESTG.jpg\" rel=\"attachment wp-att-430\"><img loading=\"lazy\" decoding=\"async\" class=\"alignnone wp-image-430\" src=\"http:\/\/sites.ipleiria.pt\/matoeste\/files\/2013\/08\/Logo_ESTG.jpg\" alt=\"Logo_ESTG\" width=\"251\" height=\"82\" srcset=\"https:\/\/sites.ipleiria.pt\/matoeste\/files\/2013\/08\/Logo_ESTG.jpg 349w, https:\/\/sites.ipleiria.pt\/matoeste\/files\/2013\/08\/Logo_ESTG-300x97.jpg 300w\" sizes=\"auto, (max-width: 251px) 100vw, 251px\" \/><\/a><\/td>\n<td><\/td>\n<\/tr>\n<\/tbody>\n<\/table>\n<hr \/>\n<p class=\"aligncenter\" style=\"text-align: center;\"><strong>Programa Final<\/strong><\/p>\n<p class=\"aligncenter\" style=\"text-align: center;\"><span style=\"color: #ff00ff; font-size: small;\"><strong><span style=\"font-family: verdana, geneva;\"><span style=\"color: #ff00ff;\">Sexta-feira,\u00a08 de julho de 2016<\/span><\/span><\/strong><\/span><\/p>\n<p><span style=\"font-size: small;\"><strong><span style=\"color: #008000; font-family: verdana, geneva;\"><span style=\"color: #000000;\">08h45<\/span>\u00a0 <span style=\"color: #333399;\">Registo e entrega de documenta\u00e7\u00e3o<\/span><\/span><\/strong><\/span><\/p>\n<p><span style=\"font-size: small;\"><strong><span style=\"color: #008000; font-family: verdana, geneva;\"><span style=\"color: #000000;\">09h00<\/span> \u00a0<span style=\"color: #333399;\">Sess\u00e3o de abertura<\/span><\/span><\/strong><\/span><\/p>\n<p><span style=\"font-size: small;\"><strong><span style=\"color: #008000; font-family: verdana, geneva;\"><span style=\"color: #000000;\">09h30<\/span> <span style=\"color: #333399;\">\u00a0Palestra I<\/span><\/span><\/strong><\/span><\/p>\n<p><span style=\"color: #008000; font-family: verdana, geneva; font-size: small;\">\u00a0<span style=\"color: #808080;\"><a href=\"http:\/\/sites.ipleiria.pt\/matoeste\/files\/2017\/02\/T\u00edtulo-e-Resumo-da-Palestra-Nuno-Fonseca.pdf\" target=\"_blank\" rel=\"noopener\">\u00a0 &#8220;Usar a Matem\u00e1tica para criar sons para Hollywood.&#8221;<\/a><\/span><\/span><\/p>\n<p><span style=\"color: #808080; font-family: verdana, geneva; font-size: small;\">\u00a0\u00a0\u00a0Nuno Santos Fonseca, Escola Superior de Tecnologia e Gest\u00e3o, Instituto Polit\u00e9cnico de Leiria<\/span><\/p>\n<p><span style=\"font-size: small;\"><strong><span style=\"color: #000000; font-family: verdana, geneva;\">10h30<\/span><span style=\"color: #008000; font-family: verdana, geneva;\"> \u00a0<span style=\"color: #333399;\">Coffee-break<\/span><\/span><\/strong><\/span><\/p>\n<p><span style=\"color: #008000; font-family: verdana, geneva; font-size: small;\">\u00a0 \u00a0 \u00a0 \u00a0 \u00a0 \u00a0<span style=\"color: #333399;\">Sess\u00e3o de posters do Pr\u00e9mio Pedro Matos 2016 (8.\u00aa edi\u00e7\u00e3o)<\/span><\/span><\/p>\n<p><span style=\"font-size: small;\"><strong><span style=\"color: #008000; font-family: verdana, geneva;\"><span style=\"color: #000000;\">11h00<\/span> \u00a0<span style=\"color: #333399;\">Palestra II<\/span><\/span><\/strong><\/span><\/p>\n<p><span style=\"color: #008000; font-family: verdana, geneva; font-size: small;\">\u00a0\u00a0<span style=\"color: #808080;\"><a href=\"http:\/\/sites.ipleiria.pt\/matoeste\/files\/2017\/02\/T\u00edtulo-e-Resumo-da-Palestra-Jaime-Carvalho.pdf\" target=\"_blank\" rel=\"noopener\"> &#8220;Ser\u00e1 que a Matem\u00e1tica se vai tornar mais importante para a sociedade no futuro?&#8221;<\/a><\/span><br \/>\n<\/span><\/p>\n<p><span style=\"color: #808080; font-family: verdana, geneva; font-size: small;\">\u00a0\u00a0\u00a0Jaime Carvalho e Silva, Faculdade de Ci\u00eancias e Tecnologia, Universidade de Coimbra<\/span><\/p>\n<p><span style=\"font-size: small;\"><strong><span style=\"color: #008000; font-family: verdana, geneva;\"><span style=\"color: #000000;\">12h00<\/span> \u00a0<span style=\"color: #333399;\">Entrega do Pr\u00e9mio Pedro Matos 2016<\/span><\/span><\/strong><\/span><\/p>\n<p><span style=\"font-size: small;\"><strong><span style=\"color: #008000; font-family: verdana, geneva;\"><span style=\"color: #000000;\">12h30<\/span>\u00a0 <span style=\"color: #333399;\">Almo\u00e7o<\/span><\/span><\/strong><\/span><\/p>\n<p><span style=\"font-size: small;\"><strong><span style=\"color: #008000; font-family: verdana, geneva;\"><span style=\"color: #000000;\">14h00<\/span>\u00a0 <span style=\"color: #333399;\">Palestra III<\/span><\/span><\/strong><\/span><\/p>\n<p><span style=\"color: #008000; font-family: verdana, geneva; font-size: small;\">\u00a0\u00a0<span style=\"color: #808080;\"> <a href=\"http:\/\/sites.ipleiria.pt\/matoeste\/files\/2017\/02\/T\u00edtulo-e-Resumo-da-Palestra-Jorge-Carvalho.pdf\" target=\"_blank\" rel=\"noopener\">\u00a0 &#8220;Matem\u00e1tica e Astronomia: no futuro como no passado.&#8221;<\/a><\/span><\/span><\/p>\n<p><span style=\"color: #808080; font-family: verdana, geneva; font-size: small;\">\u00a0\u00a0\u00a0\u00a0Jorge Paulo Carvalho, Faculd<\/span><span style=\"color: #808080; font-family: verdana, geneva; font-size: small;\">ade de Ci\u00eancias, Universidade do Porto<\/span><\/p>\n<p><span style=\"font-size: small;\"><strong><span style=\"color: #008000; font-family: verdana, geneva;\"><span style=\"color: #000000;\">15h00<\/span> \u00a0<\/span><\/strong><\/span><span style=\"color: #333399; font-size: small;\"><strong><span style=\"font-family: verdana, geneva;\"><span style=\"color: #333399;\">Sess\u00e3o de encerramento<\/span><\/span><\/strong><\/span><\/p>\n<p><span style=\"font-size: small;\"><strong><span style=\"color: #008000; font-family: verdana, geneva;\"><span style=\"color: #000000;\">15h30<\/span> \u00a0<span style=\"color: #333399; font-size: small;\"><span style=\"font-family: verdana, geneva;\"><span style=\"color: #333399;\">A\u00e7\u00f5es de forma\u00e7\u00e3o no \u00e2mbito do Mat-Oeste<\/span><\/span><\/span><\/span><\/strong><\/span><\/p>\n<p>&nbsp;<\/p>\n<hr \/>\n<p style=\"text-align: center;\"><strong>Contatos<\/strong><\/p>\n<p><span style=\"color: #999999; font-family: verdana, geneva; font-size: small;\">Qualquer esclarecimento ou informa\u00e7\u00e3o adicional que pretenda n\u00e3o hesite em contatar atrav\u00e9s do envio de um email para: <span style=\"color: #ff0000;\"><a href=\"mailto:mat-oeste.estg@ipleiria.pt\" target=\"_blank\" rel=\"noopener\">mat-oeste.estg@ipleiria.pt<\/a><\/span><\/span><\/p>\n<p><span style=\"color: #cc99ff;\"><strong><span style=\"font-family: verdana, geneva; font-size: medium;\">Comiss\u00e3o Organizadora:<\/span><\/strong><\/span><\/p>\n<p><span style=\"color: #808080; font-size: 10pt;\">Professores do Departamento de Matem\u00e1tica (<a title=\"Departamento de Matem\u00e1tica - ESTG\" href=\"http:\/\/www.ipleiria.pt\/estg\/dmat\/\" target=\"_blank\" rel=\"noopener\"><span style=\"color: #808080;\">DMAT<\/span><\/a>) da Escola Superior de Tecnologia e Gest\u00e3o (<a title=\"ESTG\" href=\"http:\/\/www.estg.ipleiria.pt\/Paginas\/default.aspx\" target=\"_blank\" rel=\"noopener\"><span style=\"color: #808080;\">ESTG<\/span><\/a>) do Instituto Polit\u00e9cnico de Leiria (<a title=\"Instituto Polit\u00e9cnico de Leiria\" href=\"http:\/\/www.ipleiria.pt\/\" target=\"_blank\" rel=\"noopener\"><span style=\"color: #808080;\">IPLeiria<\/span><\/a>).<\/span><\/p>\n<hr \/>\n<table>\n<tbody>\n<tr>\n<td>\u00a0<span style=\"color: #999999; font-family: verdana, geneva; font-size: small;\"><a href=\"mailto:cidalia.macedo@ipleiria.pt\" target=\"_blank\" rel=\"noopener\"><img loading=\"lazy\" decoding=\"async\" class=\"alignnone wp-image-1209 \" src=\"http:\/\/sites.ipleiria.pt\/matoeste\/files\/2013\/08\/cid\u00e1lia-e1443523928830-150x150.jpg\" alt=\"cid\u00e1lia\" width=\"115\" height=\"115\" \/><\/a><\/span><\/td>\n<td style=\"vertical-align: middle;\"><span style=\"font-size: 10pt;\"><strong>Cid\u00e1lia Macedo &#8211; <\/strong><span style=\"color: #339966;\"><a style=\"color: #339966;\" href=\"mailto:cidalia.macedo@ipleiria.pt\" target=\"_blank\" rel=\"noopener\">cidalia.macedo@ipleiria.pt<\/a><\/span><\/span><\/td>\n<\/tr>\n<tr>\n<td>\u00a0<a href=\"http:\/\/sites.ipleiria.pt\/matoeste\/files\/2013\/08\/Foto_FSebastiao_Final-e1458042383669.jpg\" rel=\"attachment wp-att-390\"><img loading=\"lazy\" decoding=\"async\" class=\"alignnone wp-image-390\" src=\"http:\/\/sites.ipleiria.pt\/matoeste\/files\/2013\/08\/Foto_FSebastiao_Final-e1458042383669.jpg\" alt=\"\" width=\"115\" height=\"119\" \/><\/a><\/td>\n<td style=\"vertical-align: middle;\"><span style=\"font-size: 10pt;\"><strong>\u00a0Fernando Sebasti\u00e3o &#8211; <\/strong><span style=\"color: #339966;\"><a style=\"color: #339966;\" href=\"mailto:fsebast@ipleiria.pt\" target=\"_blank\" rel=\"noopener\">fsebast@ipleiria.pt<\/a><\/span><\/span><\/td>\n<\/tr>\n<tr>\n<td style=\"text-align: left;\">\u00a0<a href=\"mailto:mfelg@ipleiria.pt\" target=\"_blank\" rel=\"noopener\"><span style=\"color: #999999; font-family: verdana, geneva; font-size: small;\"><img loading=\"lazy\" decoding=\"async\" class=\"alignnone wp-image-1192 \" src=\"http:\/\/sites.ipleiria.pt\/matoeste\/files\/2013\/08\/Miguel.jpg\" alt=\"Miguel\" width=\"115\" height=\"115\" \/><\/span><\/a><\/td>\n<td style=\"text-align: left; vertical-align: middle;\"><span style=\"font-size: 10pt;\"><strong>Miguel Felgueiras &#8211;<\/strong> <span style=\"color: #339966;\"><a style=\"color: #339966;\" href=\"mailto:mfelg@ipleiria.pt\" target=\"_blank\" rel=\"noopener\">mfelg@ipleiria.pt<\/a><\/span><\/span><\/td>\n<\/tr>\n<tr>\n<td style=\"text-align: left;\">\u00a0<span class=\"style3\"><span style=\"color: #414042;\"> <span style=\"color: #999999; font-family: verdana, geneva; font-size: small;\"><a href=\"mailto:nunodias@ipleiria.pt\" target=\"_blank\" rel=\"noopener\"><img loading=\"lazy\" decoding=\"async\" class=\"alignnone wp-image-1220\" src=\"http:\/\/sites.ipleiria.pt\/matoeste\/files\/2013\/08\/11063894_1660448670853210_5380556903387152422_n1.jpg\" alt=\"11063894_1660448670853210_5380556903387152422_n1\" width=\"114\" height=\"129\" \/><\/a><\/span><b class=\"auto-style10\"><\/b><\/span><\/span><\/td>\n<td style=\"text-align: left; vertical-align: middle;\"><span style=\"font-size: 10pt;\"><strong>Nuno Dias &#8211; <\/strong><span style=\"color: #339966;\"><a style=\"color: #339966;\" href=\"mailto:nunodias@ipleiria.pt\" target=\"_blank\" rel=\"noopener\">nunodias@ipleiria.pt<\/a><\/span><\/span><\/td>\n<\/tr>\n<tr>\n<td style=\"text-align: left;\">\u00a0<span style=\"color: #999999; font-family: verdana, geneva; font-size: small;\"><a href=\"mailto:susfer@ipleiria.pt\" target=\"_blank\" rel=\"noopener\"><img loading=\"lazy\" decoding=\"async\" class=\"alignnone wp-image-1193 \" src=\"http:\/\/sites.ipleiria.pt\/matoeste\/files\/2013\/08\/Susana-Raquel-e1443523228790-150x150.jpg\" alt=\"Susana Raquel\" width=\"115\" height=\"115\" \/><\/a><\/span><\/td>\n<td style=\"text-align: left; vertical-align: middle;\"><span style=\"font-size: 10pt;\"><strong>Susana Ferreira &#8211;<\/strong> <span style=\"color: #339966;\"><a style=\"color: #339966;\" href=\"mailto:susfer@ipleiria.pt\" target=\"_blank\" rel=\"noopener\">susfer@ipleiria.pt<\/a><\/span><\/span><\/td>\n<\/tr>\n<\/tbody>\n<\/table>\n<p><span style=\"font-family: verdana, geneva; color: #cc99ff;\"><strong>Departamento de Matem\u00e1tica<\/strong><\/span><span style=\"font-family: verdana, geneva; color: #008000;\"><br \/>\n<span style=\"color: #808080; font-size: 10pt;\">Escola Superior de Tecnologia e Gest\u00e3o | Instituto Polit\u00e9cnico de Leiria<\/span><br \/>\n<span style=\"color: #808080; font-size: 10pt;\">Campus 2\u00a0\u00a0\u2014\u00a0\u00a0Morro do Lena\u00a0\u00a0\u2014\u00a0\u00a0Alto do Vieiro |\u00a0<\/span><\/span><span style=\"font-size: 10pt;\"><span style=\"color: #808080;\"><span style=\"font-family: verdana, geneva;\">2411-901 Leiria\u00a0\u00a0\u2014\u00a0\u00a0Portugal<br \/>\nCoordenadas GPS:\u00a0+39\u00b0 44\u00b4 3.24&#8243;, -8\u00b0 49\u00b4 18.09&#8243;<br \/>\n<\/span><a title=\"Departamento de Matem\u00e1tica - ESTG\" href=\"http:\/\/www.ipleiria.pt\/estg\/dmat\/\" target=\"_blank\" rel=\"noopener\"><span style=\"font-family: verdana, geneva;\">http:\/\/www.ipleiria.pt\/estg\/dmat\/<\/span><\/a><\/span><span style=\"color: #008000; font-family: verdana, geneva;\"><br \/>\n<\/span><\/span><\/p>\n<p><span style=\"font-size: 12pt;\"><span style=\"color: #008000; font-family: verdana, geneva;\"><span style=\"color: #cc99ff;\"><strong>Telefone da ESTG:<\/strong><\/span>\u00a0<span style=\"color: #808080;\">(+351) 244 820 300 |<span style=\"color: #cc99ff;\">\u00a0<\/span><\/span><\/span><span style=\"color: #008000; font-family: verdana, geneva;\"><span style=\"color: #cc99ff;\"><strong>Fax da ESTG:<\/strong><\/span>\u00a0<span style=\"color: #808080;\">(+351) 244 820 310<\/span><\/span><\/span><\/p>\n","protected":false},"excerpt":{"rendered":"<p>Bem vindo ao Mat-Oeste 2016: Matem\u00e1tica na Regi\u00e3o Oeste &#8211; 9.\u00aa Edi\u00e7\u00e3o! Data: 8 de julho de 2016. Inscri\u00e7\u00e3o: at\u00e9 3 de julho de 2016. Local: Escola Superior de Tecnologia<\/p>\n","protected":false},"author":1676,"featured_media":0,"parent":0,"menu_order":0,"comment_status":"closed","ping_status":"closed","template":"","meta":{"footnotes":""},"class_list":["post-1459","page","type-page","status-publish","hentry"],"_links":{"self":[{"href":"https:\/\/sites.ipleiria.pt\/matoeste\/wp-json\/wp\/v2\/pages\/1459","targetHints":{"allow":["GET"]}}],"collection":[{"href":"https:\/\/sites.ipleiria.pt\/matoeste\/wp-json\/wp\/v2\/pages"}],"about":[{"href":"https:\/\/sites.ipleiria.pt\/matoeste\/wp-json\/wp\/v2\/types\/page"}],"author":[{"embeddable":true,"href":"https:\/\/sites.ipleiria.pt\/matoeste\/wp-json\/wp\/v2\/users\/1676"}],"replies":[{"embeddable":true,"href":"https:\/\/sites.ipleiria.pt\/matoeste\/wp-json\/wp\/v2\/comments?post=1459"}],"version-history":[{"count":14,"href":"https:\/\/sites.ipleiria.pt\/matoeste\/wp-json\/wp\/v2\/pages\/1459\/revisions"}],"predecessor-version":[{"id":1566,"href":"https:\/\/sites.ipleiria.pt\/matoeste\/wp-json\/wp\/v2\/pages\/1459\/revisions\/1566"}],"wp:attachment":[{"href":"https:\/\/sites.ipleiria.pt\/matoeste\/wp-json\/wp\/v2\/media?parent=1459"}],"curies":[{"name":"wp","href":"https:\/\/api.w.org\/{rel}","templated":true}]}}