{"id":3025,"date":"2024-12-02T01:52:27","date_gmt":"2024-12-02T01:52:27","guid":{"rendered":"https:\/\/sites.ipleiria.pt\/gdip\/?page_id=3025"},"modified":"2025-08-12T11:48:13","modified_gmt":"2025-08-12T11:48:13","slug":"corpus-de-portugues-academico-cpa","status":"publish","type":"page","link":"https:\/\/sites.ipleiria.pt\/pge\/corpus-de-portugues-academico-cpa\/","title":{"rendered":"Corpus de Portugu\u00eas Acad\u00e9mico (CPA)"},"content":{"rendered":"\t\t<div data-elementor-type=\"wp-page\" data-elementor-id=\"3025\" class=\"elementor elementor-3025\">\n\t\t\t\t<div class=\"elementor-element elementor-element-20de547 e-flex e-con-boxed e-con e-parent\" data-id=\"20de547\" data-element_type=\"container\">\n\t\t\t\t\t<div class=\"e-con-inner\">\n\t\t\t\t<div class=\"elementor-element elementor-element-f14ae87 elementor-widget-divider--view-line elementor-widget elementor-widget-divider\" data-id=\"f14ae87\" data-element_type=\"widget\" data-widget_type=\"divider.default\">\n\t\t\t\t<div class=\"elementor-widget-container\">\n\t\t\t\t\t\t\t<div class=\"elementor-divider\">\n\t\t\t<span class=\"elementor-divider-separator\">\n\t\t\t\t\t\t<\/span>\n\t\t<\/div>\n\t\t\t\t\t\t<\/div>\n\t\t\t\t<\/div>\n\t\t\t\t\t<\/div>\n\t\t\t\t<\/div>\n\t\t<div class=\"elementor-element elementor-element-cac7b9d e-flex e-con-boxed e-con e-parent\" data-id=\"cac7b9d\" data-element_type=\"container\">\n\t\t\t\t\t<div class=\"e-con-inner\">\n\t\t<div class=\"elementor-element elementor-element-42d78e4 e-con-full e-flex e-con e-child\" data-id=\"42d78e4\" data-element_type=\"container\">\n\t\t\t\t<div class=\"elementor-element elementor-element-977b8c3 elementor-widget elementor-widget-image\" data-id=\"977b8c3\" data-element_type=\"widget\" data-widget_type=\"image.default\">\n\t\t\t\t<div class=\"elementor-widget-container\">\n\t\t\t\t\t\t\t\t\t\t\t\t\t\t\t<img fetchpriority=\"high\" decoding=\"async\" width=\"866\" height=\"172\" src=\"https:\/\/sites.ipleiria.pt\/pge\/files\/2024\/12\/grafismos-site-3-27.png\" class=\"attachment-large size-large wp-image-3046\" alt=\"\" srcset=\"https:\/\/sites.ipleiria.pt\/pge\/files\/2024\/12\/grafismos-site-3-27.png 866w, https:\/\/sites.ipleiria.pt\/pge\/files\/2024\/12\/grafismos-site-3-27-300x60.png 300w, https:\/\/sites.ipleiria.pt\/pge\/files\/2024\/12\/grafismos-site-3-27-768x153.png 768w\" sizes=\"(max-width: 866px) 100vw, 866px\" \/>\t\t\t\t\t\t\t\t\t\t\t\t\t\t\t<\/div>\n\t\t\t\t<\/div>\n\t\t\t\t<\/div>\n\t\t\t\t<div class=\"elementor-element elementor-element-af5ca6f elementor-widget elementor-widget-heading\" data-id=\"af5ca6f\" data-element_type=\"widget\" data-widget_type=\"heading.default\">\n\t\t\t\t<div class=\"elementor-widget-container\">\n\t\t\t\t\t<h2 class=\"elementor-heading-title elementor-size-default\"><i>Corpus <\/i>de Portugu\u00eas Acad\u00e9mico (CPA)<\/h2>\t\t\t\t<\/div>\n\t\t\t\t<\/div>\n\t\t\t\t\t<\/div>\n\t\t\t\t<\/div>\n\t\t<div class=\"elementor-element elementor-element-8dd9782 e-grid e-con-boxed e-con e-parent\" data-id=\"8dd9782\" data-element_type=\"container\">\n\t\t\t\t\t<div class=\"e-con-inner\">\n\t\t<div class=\"elementor-element elementor-element-0b88010 e-con-full e-flex e-con e-child\" data-id=\"0b88010\" data-element_type=\"container\">\n\t\t\t\t<div class=\"elementor-element elementor-element-92722c2 elementor-widget-tablet__width-initial elementor-widget elementor-widget-text-editor\" data-id=\"92722c2\" data-element_type=\"widget\" data-widget_type=\"text-editor.default\">\n\t\t\t\t<div class=\"elementor-widget-container\">\n\t\t\t\t\t\t\t\t\t<p>O<b> <i>Corpus<\/i> de Portugu\u00eas Acad\u00e9mico (CPA) <\/b>tem como objetivo facultar materiais para investiga\u00e7\u00e3o sobre a comunica\u00e7\u00e3o formal em l\u00edngua portuguesa, feita em contexto acad\u00e9mico. O corpus, recolhido a partir de 2011, \u00e9 constitu\u00eddo atualmente por textos produzidos por estudantes de 1.\u00ba ciclo nas \u00e1reas de Engenharia e Humanidades, em Portugal e em Mo\u00e7ambique. Engloba os seguintes g\u00e9neros:<\/p>\n<ul>\n<li style=\"list-style-type: none\">\n<ul>\n<li>Artigo de divulga\u00e7\u00e3o<\/li>\n<\/ul>\n<\/li>\n<\/ul>\n<ul>\n<li style=\"list-style-type: none\">\n<ul>\n<li>Artigo t\u00e9cnico<\/li>\n<\/ul>\n<\/li>\n<\/ul>\n<ul>\n<li style=\"list-style-type: none\">\n<ul>\n<li>Carta<\/li>\n<\/ul>\n<\/li>\n<\/ul>\n<ul>\n<li style=\"list-style-type: none\">\n<ul>\n<li>Ensaio<\/li>\n<\/ul>\n<\/li>\n<\/ul>\n<ul>\n<li style=\"list-style-type: none\">\n<ul>\n<li>Descri\u00e7\u00e3o<\/li>\n<\/ul>\n<\/li>\n<\/ul>\n<ul>\n<li style=\"list-style-type: none\">\n<ul>\n<li>Manual de instru\u00e7\u00f5es (excerto)<\/li>\n<\/ul>\n<\/li>\n<\/ul>\n<ul>\n<li style=\"list-style-type: none\">\n<ul>\n<li>Relat\u00f3rio (excerto)<\/li>\n<\/ul>\n<\/li>\n<\/ul>\n<ul>\n<li style=\"list-style-type: none\">\n<ul>\n<li>Sum\u00e1rio \/ Abstract<\/li>\n<\/ul>\n<\/li>\n<\/ul>\n<ul>\n<li style=\"list-style-type: none\">\n<ul>\n<li>Resposta de desenvolvimento<\/li>\n<\/ul>\n<\/li>\n<\/ul>\n<div>&nbsp;<\/div>\n<p>O <i>corpus<\/i> permite pesquisas a partir de uma diversidade de categorias, como: \u00e1rea, disciplina, curso, g\u00e9nero de texto, perfil do falante, nacionalidade e pa\u00eds.<\/p>\n<p>O CPA encontra-se alojado no s\u00edtio em linha do CELGA-ILTEC, em regime de acesso livre. Os materiais enquadram-se no \u00e2mbito do projeto \u2013 Texto, g\u00e9neros e conhecimento \u2013 para o mapeamento dos usos disciplinares da l\u00edngua nos diferentes n\u00edveis de ensino.&nbsp;<\/p>\t\t\t\t\t\t\t\t<\/div>\n\t\t\t\t<\/div>\n\t\t\t\t<\/div>\n\t\t<div class=\"elementor-element elementor-element-ae1634f e-con-full e-flex e-con e-child\" data-id=\"ae1634f\" data-element_type=\"container\">\n\t\t\t\t<div class=\"elementor-element elementor-element-4e8142c elementor-widget elementor-widget-image\" data-id=\"4e8142c\" data-element_type=\"widget\" data-widget_type=\"image.default\">\n\t\t\t\t<div class=\"elementor-widget-container\">\n\t\t\t\t\t\t\t\t\t\t\t\t\t\t\t\t<a href=\"https:\/\/teitok2.iltec.pt\/cpa\/\">\n\t\t\t\t\t\t\t<img decoding=\"async\" width=\"500\" height=\"500\" src=\"https:\/\/sites.ipleiria.pt\/pge\/files\/2024\/11\/mais-grafismos-site_Prancheta-1-02.png\" class=\"attachment-large size-large wp-image-2843\" alt=\"\" srcset=\"https:\/\/sites.ipleiria.pt\/pge\/files\/2024\/11\/mais-grafismos-site_Prancheta-1-02.png 500w, https:\/\/sites.ipleiria.pt\/pge\/files\/2024\/11\/mais-grafismos-site_Prancheta-1-02-300x300.png 300w, https:\/\/sites.ipleiria.pt\/pge\/files\/2024\/11\/mais-grafismos-site_Prancheta-1-02-150x150.png 150w\" sizes=\"(max-width: 500px) 100vw, 500px\" \/>\t\t\t\t\t\t\t\t<\/a>\n\t\t\t\t\t\t\t\t\t\t\t\t\t\t\t<\/div>\n\t\t\t\t<\/div>\n\t\t\t\t<div class=\"elementor-element elementor-element-5106464 elementor-widget elementor-widget-heading\" data-id=\"5106464\" data-element_type=\"widget\" data-widget_type=\"heading.default\">\n\t\t\t\t<div class=\"elementor-widget-container\">\n\t\t\t\t\t<h2 class=\"elementor-heading-title elementor-size-default\"><a href=\"https:\/\/teitok2.iltec.pt\/cpa\/\">Consultar \n\nCPA<\/a><\/h2>\t\t\t\t<\/div>\n\t\t\t\t<\/div>\n\t\t\t\t<\/div>\n\t\t\t\t\t<\/div>\n\t\t\t\t<\/div>\n\t\t<div class=\"elementor-element elementor-element-d06a8a0 e-flex e-con-boxed e-con e-parent\" data-id=\"d06a8a0\" data-element_type=\"container\">\n\t\t\t\t\t<div class=\"e-con-inner\">\n\t\t<div class=\"elementor-element elementor-element-f47aadb e-con-full e-flex e-con e-child\" data-id=\"f47aadb\" data-element_type=\"container\">\n\t\t\t\t<div class=\"elementor-element elementor-element-ac83891 elementor-widget elementor-widget-image\" data-id=\"ac83891\" data-element_type=\"widget\" data-widget_type=\"image.default\">\n\t\t\t\t<div class=\"elementor-widget-container\">\n\t\t\t\t\t\t\t\t\t\t\t\t\t\t\t<img decoding=\"async\" width=\"866\" height=\"172\" src=\"https:\/\/sites.ipleiria.pt\/pge\/files\/2024\/12\/grafismos-site-3-28.png\" class=\"attachment-large size-large wp-image-3047\" alt=\"\" srcset=\"https:\/\/sites.ipleiria.pt\/pge\/files\/2024\/12\/grafismos-site-3-28.png 866w, https:\/\/sites.ipleiria.pt\/pge\/files\/2024\/12\/grafismos-site-3-28-300x60.png 300w, https:\/\/sites.ipleiria.pt\/pge\/files\/2024\/12\/grafismos-site-3-28-768x153.png 768w\" sizes=\"(max-width: 866px) 100vw, 866px\" \/>\t\t\t\t\t\t\t\t\t\t\t\t\t\t\t<\/div>\n\t\t\t\t<\/div>\n\t\t\t\t<\/div>\n\t\t\t\t\t<\/div>\n\t\t\t\t<\/div>\n\t\t\t\t<\/div>\n\t\t","protected":false},"excerpt":{"rendered":"<p>Corpus de Portugu\u00eas Acad\u00e9mico (CPA) O Corpus de Portugu\u00eas Acad\u00e9mico (CPA) tem como objetivo facultar materiais para investiga\u00e7\u00e3o sobre a comunica\u00e7\u00e3o formal em l\u00edngua portuguesa, feita em contexto acad\u00e9mico. O corpus, recolhido a partir de 2011, \u00e9 constitu\u00eddo atualmente por textos produzidos por estudantes de 1.\u00ba ciclo nas \u00e1reas de Engenharia e Humanidades, em Portugal&hellip;&nbsp;<a href=\"https:\/\/sites.ipleiria.pt\/pge\/corpus-de-portugues-academico-cpa\/\" rel=\"bookmark\">Ler mais &raquo;<span class=\"screen-reader-text\">Corpus de Portugu\u00eas Acad\u00e9mico (CPA)<\/span><\/a><\/p>\n","protected":false},"author":5904,"featured_media":0,"parent":0,"menu_order":0,"comment_status":"closed","ping_status":"closed","template":"page-templates\/template-pagebuilder-full-width.php","meta":{"om_disable_all_campaigns":false,"_monsterinsights_skip_tracking":false,"_monsterinsights_sitenote_active":false,"_monsterinsights_sitenote_note":"","_monsterinsights_sitenote_category":0,"neve_meta_sidebar":"","neve_meta_container":"","neve_meta_enable_content_width":"","neve_meta_content_width":0,"neve_meta_title_alignment":"","neve_meta_author_avatar":"","neve_post_elements_order":"","neve_meta_disable_header":"","neve_meta_disable_footer":"","neve_meta_disable_title":"","footnotes":""},"class_list":["post-3025","page","type-page","status-publish","hentry"],"aioseo_notices":[],"_links":{"self":[{"href":"https:\/\/sites.ipleiria.pt\/pge\/wp-json\/wp\/v2\/pages\/3025","targetHints":{"allow":["GET"]}}],"collection":[{"href":"https:\/\/sites.ipleiria.pt\/pge\/wp-json\/wp\/v2\/pages"}],"about":[{"href":"https:\/\/sites.ipleiria.pt\/pge\/wp-json\/wp\/v2\/types\/page"}],"author":[{"embeddable":true,"href":"https:\/\/sites.ipleiria.pt\/pge\/wp-json\/wp\/v2\/users\/5904"}],"replies":[{"embeddable":true,"href":"https:\/\/sites.ipleiria.pt\/pge\/wp-json\/wp\/v2\/comments?post=3025"}],"version-history":[{"count":38,"href":"https:\/\/sites.ipleiria.pt\/pge\/wp-json\/wp\/v2\/pages\/3025\/revisions"}],"predecessor-version":[{"id":4411,"href":"https:\/\/sites.ipleiria.pt\/pge\/wp-json\/wp\/v2\/pages\/3025\/revisions\/4411"}],"wp:attachment":[{"href":"https:\/\/sites.ipleiria.pt\/pge\/wp-json\/wp\/v2\/media?parent=3025"}],"curies":[{"name":"wp","href":"https:\/\/api.w.org\/{rel}","templated":true}]}}